{"id":159708,"date":"2026-08-28T16:15:58","date_gmt":"2026-08-28T14:15:58","guid":{"rendered":"https:\/\/www.academicsearch.se\/job\/purac-regionchef-syd-sydost\/"},"modified":"2026-09-06T12:01:09","modified_gmt":"2026-09-06T10:01:09","slug":"purac-regionchef-syd-sydost","status":"publish","type":"job","link":"https:\/\/www.academicsearch.se\/en\/job\/purac-regionchef-syd-sydost\/","title":{"rendered":"Purac &#8211; Regionchef Syd\/Sydost"},"featured_media":0,"template":"","meta":{"_acf_changed":false,"_relevanssi_hide_post":"","_relevanssi_hide_content":"","_relevanssi_pin_for_all":"","_relevanssi_pin_keywords":"","_relevanssi_unpin_keywords":"","_relevanssi_related_keywords":"","_relevanssi_related_include_ids":"","_relevanssi_related_exclude_ids":"","_relevanssi_related_no_append":"","_relevanssi_related_not_related":"","_relevanssi_related_posts":"","_relevanssi_noindex_reason":""},"location":[],"skill":[],"class_list":["post-159708","job","type-job","status-publish","hentry"],"acf":[],"yoast_head":"<!-- This site is optimized with the Yoast SEO plugin v28.4 - https:\/\/yoast.com\/product\/yoast-seo-wordpress\/ -->\n<title>Purac - Regionchef Syd\/Sydost - Academic Search<\/title>\n<meta name=\"robots\" content=\"index, follow, max-snippet:-1, max-image-preview:large, max-video-preview:-1\" \/>\n<link rel=\"canonical\" href=\"https:\/\/www.academicsearch.se\/job\/purac-regionchef-syd-sydost\/\" \/>\n<meta property=\"og:locale\" content=\"en_US\" \/>\n<meta property=\"og:type\" content=\"article\" \/>\n<meta property=\"og:title\" content=\"Purac - Regionchef Syd\/Sydost - Academic Search\" \/>\n<meta property=\"og:description\" content=\"Purac, med huvudkontor i Lund, \u00e4r en ledande akt\u00f6r inom vatten- och avloppsindustrin med starkt fokus p\u00e5 milj\u00f6 och h\u00e5llbarhet. Vi utvecklar och bygger energieffektiva anl\u00e4ggningar inom vattenrening, avlopp och biogas \u2013 l\u00f6sningar som varje dag bidrar till rent vatten och f\u00f6rnybar energi. Hittills har Purac levererat \u00f6ver 5 000 projekt.V\u00e5r framg\u00e5ng bygger p\u00e5 engagerade medarbetare, teknisk spetskompetens och l\u00e5ng erfarenhet. Vi tror p\u00e5 en f\u00f6retagskultur d\u00e4r proaktivitet, engagemang och gl\u00e4dje \u00e4r centrala v\u00e4rden \u2013 och d\u00e4r motivation och ledarskap skapar b\u00e5de resultat och trivsel.\" \/>\n<meta property=\"og:url\" content=\"https:\/\/www.academicsearch.se\/job\/purac-regionchef-syd-sydost\/\" \/>\n<meta property=\"og:site_name\" content=\"Academic Search\" \/>\n<meta property=\"article:modified_time\" content=\"2026-09-06T10:01:09+00:00\" \/>\n<meta name=\"twitter:card\" content=\"summary_large_image\" \/>\n<meta name=\"twitter:label1\" content=\"Est. reading time\" \/>\n\t<meta name=\"twitter:data1\" content=\"2 minutes\" \/>\n<script type=\"application\/ld+json\" class=\"yoast-schema-graph\">{\"@context\":\"https:\\\/\\\/schema.org\",\"@graph\":[{\"@type\":\"WebPage\",\"@id\":\"https:\\\/\\\/www.academicsearch.se\\\/job\\\/purac-regionchef-syd-sydost\\\/\",\"url\":\"https:\\\/\\\/www.academicsearch.se\\\/job\\\/purac-regionchef-syd-sydost\\\/\",\"name\":\"Purac - Regionchef Syd\\\/Sydost - Academic Search\",\"isPartOf\":{\"@id\":\"https:\\\/\\\/www.academicsearch.se\\\/#website\"},\"datePublished\":\"2026-08-28T14:15:58+00:00\",\"dateModified\":\"2026-09-06T10:01:09+00:00\",\"breadcrumb\":{\"@id\":\"https:\\\/\\\/www.academicsearch.se\\\/job\\\/purac-regionchef-syd-sydost\\\/#breadcrumb\"},\"inLanguage\":\"en-US\",\"potentialAction\":[{\"@type\":\"ReadAction\",\"target\":[\"https:\\\/\\\/www.academicsearch.se\\\/job\\\/purac-regionchef-syd-sydost\\\/\"]}]},{\"@type\":\"BreadcrumbList\",\"@id\":\"https:\\\/\\\/www.academicsearch.se\\\/job\\\/purac-regionchef-syd-sydost\\\/#breadcrumb\",\"itemListElement\":[{\"@type\":\"ListItem\",\"position\":1,\"name\":\"Home\",\"item\":\"https:\\\/\\\/www.academicsearch.se\\\/en\\\/\"},{\"@type\":\"ListItem\",\"position\":2,\"name\":\"Purac &#8211; Regionchef Syd\\\/Sydost\"}]},{\"@type\":\"WebSite\",\"@id\":\"https:\\\/\\\/www.academicsearch.se\\\/#website\",\"url\":\"https:\\\/\\\/www.academicsearch.se\\\/\",\"name\":\"Academic Search\",\"description\":\"\",\"publisher\":{\"@id\":\"https:\\\/\\\/www.academicsearch.se\\\/#organization\"},\"potentialAction\":[{\"@type\":\"SearchAction\",\"target\":{\"@type\":\"EntryPoint\",\"urlTemplate\":\"https:\\\/\\\/www.academicsearch.se\\\/?s={search_term_string}\"},\"query-input\":{\"@type\":\"PropertyValueSpecification\",\"valueRequired\":true,\"valueName\":\"search_term_string\"}}],\"inLanguage\":\"en-US\"},{\"@type\":\"Organization\",\"@id\":\"https:\\\/\\\/www.academicsearch.se\\\/#organization\",\"name\":\"Academic Search\",\"url\":\"https:\\\/\\\/www.academicsearch.se\\\/\",\"logo\":{\"@type\":\"ImageObject\",\"inLanguage\":\"en-US\",\"@id\":\"https:\\\/\\\/www.academicsearch.se\\\/#\\\/schema\\\/logo\\\/image\\\/\",\"url\":\"https:\\\/\\\/www.academicsearch.se\\\/wp-content\\\/uploads\\\/2025\\\/08\\\/logo-badge-360px.png\",\"contentUrl\":\"https:\\\/\\\/www.academicsearch.se\\\/wp-content\\\/uploads\\\/2025\\\/08\\\/logo-badge-360px.png\",\"width\":360,\"height\":160,\"caption\":\"Academic Search\"},\"image\":{\"@id\":\"https:\\\/\\\/www.academicsearch.se\\\/#\\\/schema\\\/logo\\\/image\\\/\"}}]}<\/script>\n<!-- \/ Yoast SEO plugin. -->","yoast_head_json":{"title":"Purac - Regionchef Syd\/Sydost - Academic Search","robots":{"index":"index","follow":"follow","max-snippet":"max-snippet:-1","max-image-preview":"max-image-preview:large","max-video-preview":"max-video-preview:-1"},"canonical":"https:\/\/www.academicsearch.se\/job\/purac-regionchef-syd-sydost\/","og_locale":"en_US","og_type":"article","og_title":"Purac - Regionchef Syd\/Sydost - Academic Search","og_description":"Purac, med huvudkontor i Lund, \u00e4r en ledande akt\u00f6r inom vatten- och avloppsindustrin med starkt fokus p\u00e5 milj\u00f6 och h\u00e5llbarhet. Vi utvecklar och bygger energieffektiva anl\u00e4ggningar inom vattenrening, avlopp och biogas \u2013 l\u00f6sningar som varje dag bidrar till rent vatten och f\u00f6rnybar energi. Hittills har Purac levererat \u00f6ver 5 000 projekt.V\u00e5r framg\u00e5ng bygger p\u00e5 engagerade medarbetare, teknisk spetskompetens och l\u00e5ng erfarenhet. Vi tror p\u00e5 en f\u00f6retagskultur d\u00e4r proaktivitet, engagemang och gl\u00e4dje \u00e4r centrala v\u00e4rden \u2013 och d\u00e4r motivation och ledarskap skapar b\u00e5de resultat och trivsel.","og_url":"https:\/\/www.academicsearch.se\/job\/purac-regionchef-syd-sydost\/","og_site_name":"Academic Search","article_modified_time":"2026-09-06T10:01:09+00:00","twitter_card":"summary_large_image","twitter_misc":{"Est. reading time":"2 minutes"},"schema":{"@context":"https:\/\/schema.org","@graph":[{"@type":"WebPage","@id":"https:\/\/www.academicsearch.se\/job\/purac-regionchef-syd-sydost\/","url":"https:\/\/www.academicsearch.se\/job\/purac-regionchef-syd-sydost\/","name":"Purac - Regionchef Syd\/Sydost - Academic Search","isPartOf":{"@id":"https:\/\/www.academicsearch.se\/#website"},"datePublished":"2026-08-28T14:15:58+00:00","dateModified":"2026-09-06T10:01:09+00:00","breadcrumb":{"@id":"https:\/\/www.academicsearch.se\/job\/purac-regionchef-syd-sydost\/#breadcrumb"},"inLanguage":"en-US","potentialAction":[{"@type":"ReadAction","target":["https:\/\/www.academicsearch.se\/job\/purac-regionchef-syd-sydost\/"]}]},{"@type":"BreadcrumbList","@id":"https:\/\/www.academicsearch.se\/job\/purac-regionchef-syd-sydost\/#breadcrumb","itemListElement":[{"@type":"ListItem","position":1,"name":"Home","item":"https:\/\/www.academicsearch.se\/en\/"},{"@type":"ListItem","position":2,"name":"Purac &#8211; Regionchef Syd\/Sydost"}]},{"@type":"WebSite","@id":"https:\/\/www.academicsearch.se\/#website","url":"https:\/\/www.academicsearch.se\/","name":"Academic Search","description":"","publisher":{"@id":"https:\/\/www.academicsearch.se\/#organization"},"potentialAction":[{"@type":"SearchAction","target":{"@type":"EntryPoint","urlTemplate":"https:\/\/www.academicsearch.se\/?s={search_term_string}"},"query-input":{"@type":"PropertyValueSpecification","valueRequired":true,"valueName":"search_term_string"}}],"inLanguage":"en-US"},{"@type":"Organization","@id":"https:\/\/www.academicsearch.se\/#organization","name":"Academic Search","url":"https:\/\/www.academicsearch.se\/","logo":{"@type":"ImageObject","inLanguage":"en-US","@id":"https:\/\/www.academicsearch.se\/#\/schema\/logo\/image\/","url":"https:\/\/www.academicsearch.se\/wp-content\/uploads\/2025\/08\/logo-badge-360px.png","contentUrl":"https:\/\/www.academicsearch.se\/wp-content\/uploads\/2025\/08\/logo-badge-360px.png","width":360,"height":160,"caption":"Academic Search"},"image":{"@id":"https:\/\/www.academicsearch.se\/#\/schema\/logo\/image\/"}}]}},"_links":{"self":[{"href":"https:\/\/www.academicsearch.se\/en\/wp-json\/wp\/v2\/job\/159708","targetHints":{"allow":["GET"]}}],"collection":[{"href":"https:\/\/www.academicsearch.se\/en\/wp-json\/wp\/v2\/job"}],"about":[{"href":"https:\/\/www.academicsearch.se\/en\/wp-json\/wp\/v2\/types\/job"}],"wp:attachment":[{"href":"https:\/\/www.academicsearch.se\/en\/wp-json\/wp\/v2\/media?parent=159708"}],"wp:term":[{"taxonomy":"location","embeddable":true,"href":"https:\/\/www.academicsearch.se\/en\/wp-json\/wp\/v2\/location?post=159708"},{"taxonomy":"skill","embeddable":true,"href":"https:\/\/www.academicsearch.se\/en\/wp-json\/wp\/v2\/skill?post=159708"}],"curies":[{"name":"wp","href":"https:\/\/api.w.org\/{rel}","templated":true}]}}